{"id":224,"date":"2019-05-20T07:29:02","date_gmt":"2019-05-20T07:29:02","guid":{"rendered":"https:\/\/head.hesge.ch\/atelier-animation\/?page_id=224"},"modified":"2026-02-18T16:42:25","modified_gmt":"2026-02-18T16:42:25","slug":"baa","status":"publish","type":"page","link":"https:\/\/campus.hesge.ch\/head-animation\/baa\/","title":{"rendered":"Bandes-annonces ANIMATOU"},"content":{"rendered":"\n<p><a href=\"https:\/\/campus.hesge.ch\/head-animation\/index.php\">&lt; Retour<\/a><\/p>\n\n\n\n<p>Bandes-annonces du festival international du film d\u2019animation ANIMATOU de Gen\u00e8ve. Elles sont r\u00e9alis\u00e9es par des \u00e9tudiant\u00b7e\u00b7x\u00b7s de la formation Bachelor du d\u00e9partement Communication visuelle lors d&rsquo;un workshop conduit par un\u00b7e invit\u00e9\u00b7e du festival. <br><\/p>\n\n\n<div class=\"wp-block-image\">\n<figure class=\"alignleft size-full\"><a href=\"https:\/\/campus.hesge.ch\/head-animation\/baa24\/\" target=\"_blank\" rel=\"noreferrer noopener\"><img loading=\"lazy\" decoding=\"async\" width=\"250\" height=\"141\" src=\"https:\/\/campus.hesge.ch\/head-animation\/wp-content\/uploads\/2024\/06\/baa24v.jpg\" alt=\"\" class=\"wp-image-7651\"\/><\/a><figcaption class=\"wp-element-caption\">2024<br>Invit\u00e9 : Marcel Barelli<br><\/figcaption><\/figure>\n<\/div>\n\n<div class=\"wp-block-image\">\n<figure class=\"alignleft size-full\"><a href=\"https:\/\/campus.hesge.ch\/head-animation\/baa23\/\"><img loading=\"lazy\" decoding=\"async\" width=\"250\" height=\"141\" src=\"https:\/\/campus.hesge.ch\/head-animation\/wp-content\/uploads\/2024\/03\/UNANIME.jpg\" alt=\"\" class=\"wp-image-7395\"\/><\/a><figcaption class=\"wp-element-caption\">2023<br>Invit\u00e9 : Alexandre Siqueira<br><\/figcaption><\/figure>\n<\/div>\n\n<div class=\"wp-block-image\">\n<figure class=\"alignleft size-full\"><a href=\"https:\/\/campus.hesge.ch\/head-animation\/baa22\/\"><img loading=\"lazy\" decoding=\"async\" width=\"250\" height=\"141\" src=\"https:\/\/campus.hesge.ch\/head-animation\/wp-content\/uploads\/2024\/03\/AU_TRAVERS_DES_FLAMMES.jpg\" alt=\"\" class=\"wp-image-7394\"\/><\/a><figcaption class=\"wp-element-caption\">2022<br>Invit\u00e9e : Regina Pessoa<br><\/figcaption><\/figure>\n<\/div>\n\n<div class=\"wp-block-image\">\n<figure class=\"alignleft size-full\"><a href=\"https:\/\/campus.hesge.ch\/head-animation\/baa21\/\"><img loading=\"lazy\" decoding=\"async\" width=\"250\" height=\"141\" src=\"https:\/\/campus.hesge.ch\/head-animation\/wp-content\/uploads\/2022\/04\/baa21.png\" alt=\"\" class=\"wp-image-6087\"\/><\/a><figcaption class=\"wp-element-caption\">2021<br>Invit\u00e9e : Sophie Le Meillour<br><br><\/figcaption><\/figure>\n<\/div>\n\n<div class=\"wp-block-image\">\n<figure class=\"alignleft size-large\"><a href=\"https:\/\/campus.hesge.ch\/head-animation\/baa20\/\"><img loading=\"lazy\" decoding=\"async\" width=\"250\" height=\"141\" src=\"https:\/\/campus.hesge.ch\/head-animation\/wp-content\/uploads\/2021\/03\/baa20.png\" alt=\"\" class=\"wp-image-4356\"\/><\/a><figcaption class=\"wp-element-caption\">2020<br>Invit\u00e9 : Michael Frey<br><\/figcaption><\/figure>\n<\/div>\n\n<div class=\"wp-block-image\">\n<figure class=\"alignleft size-large\"><a href=\"https:\/\/campus.hesge.ch\/head-animation\/baa19\/\"><img loading=\"lazy\" decoding=\"async\" width=\"250\" height=\"141\" src=\"https:\/\/campus.hesge.ch\/head-animation\/wp-content\/uploads\/2019\/09\/IMMERSION_03.jpg\" alt=\"\" class=\"wp-image-2019\"\/><\/a><figcaption class=\"wp-element-caption\">2019<br>Inspir\u00e9 des films d&rsquo;animation de <br>Piotr Dumala<br><\/figcaption><\/figure>\n<\/div>\n\n<div class=\"wp-block-image\">\n<figure class=\"alignleft size-large\"><a href=\"https:\/\/campus.hesge.ch\/head-animation\/baa18\/\"><img loading=\"lazy\" decoding=\"async\" width=\"250\" height=\"141\" src=\"https:\/\/campus.hesge.ch\/head-animation\/wp-content\/uploads\/2019\/05\/18animatou-1.jpg\" alt=\"\" class=\"wp-image-332\"\/><\/a><figcaption class=\"wp-element-caption\">2018<br><strong>10 ANS DE BANDES-ANNONCES<\/strong><br>Invit\u00e9 : Andrea Martignoni<\/figcaption><\/figure>\n<\/div>\n\n<div class=\"wp-block-image\">\n<figure class=\"alignleft size-large\"><a href=\"https:\/\/campus.hesge.ch\/head-animation\/baa17\/\"><img loading=\"lazy\" decoding=\"async\" width=\"250\" height=\"141\" src=\"https:\/\/campus.hesge.ch\/head-animation\/wp-content\/uploads\/2019\/05\/17animatou.jpg\" alt=\"\" class=\"wp-image-331\"\/><\/a><figcaption class=\"wp-element-caption\">2017<br>Invit\u00e9 : Mauro Carraro<br><br><br><\/figcaption><\/figure>\n<\/div>\n\n<div class=\"wp-block-image\">\n<figure class=\"alignleft size-large\"><a href=\"https:\/\/campus.hesge.ch\/head-animation\/baa16\/\"><img loading=\"lazy\" decoding=\"async\" width=\"250\" height=\"141\" src=\"https:\/\/campus.hesge.ch\/head-animation\/wp-content\/uploads\/2019\/05\/16animatou.jpg\" alt=\"\" class=\"wp-image-330\"\/><\/a><figcaption class=\"wp-element-caption\">2016<br>Invit\u00e9 : Jossie Malis<br><br><br><\/figcaption><\/figure>\n<\/div>\n\n<div class=\"wp-block-image\">\n<figure class=\"alignleft size-large\"><a href=\"https:\/\/campus.hesge.ch\/head-animation\/baa15\/\"><img loading=\"lazy\" decoding=\"async\" width=\"250\" height=\"141\" src=\"https:\/\/campus.hesge.ch\/head-animation\/wp-content\/uploads\/2019\/05\/15animatou.jpg\" alt=\"\" class=\"wp-image-329\"\/><\/a><figcaption class=\"wp-element-caption\">2015 <br>Invit\u00e9 : Koji Yamamura<br><br><br><\/figcaption><\/figure>\n<\/div>\n\n<div class=\"wp-block-image\">\n<figure class=\"alignleft size-large\"><a href=\"https:\/\/campus.hesge.ch\/head-animation\/baa14\/\"><img loading=\"lazy\" decoding=\"async\" width=\"250\" height=\"141\" src=\"https:\/\/campus.hesge.ch\/head-animation\/wp-content\/uploads\/2019\/05\/14animatou.jpg\" alt=\"\" class=\"wp-image-328\"\/><\/a><figcaption class=\"wp-element-caption\">2014<br>Invit\u00e9 : Elie Chapuis<br><br><br><\/figcaption><\/figure>\n<\/div>\n\n<div class=\"wp-block-image\">\n<figure class=\"alignleft size-large\"><a href=\"https:\/\/campus.hesge.ch\/head-animation\/baa13\/\"><img loading=\"lazy\" decoding=\"async\" width=\"250\" height=\"141\" src=\"https:\/\/campus.hesge.ch\/head-animation\/wp-content\/uploads\/2019\/05\/13animatou.jpg\" alt=\"\" class=\"wp-image-327\"\/><\/a><figcaption class=\"wp-element-caption\">2013<br>Invit\u00e9 : Max Hattler<br><br><br><\/figcaption><\/figure>\n<\/div>\n\n<div class=\"wp-block-image\">\n<figure class=\"alignleft size-large\"><a href=\"https:\/\/campus.hesge.ch\/head-animation\/baa12\/\"><img loading=\"lazy\" decoding=\"async\" width=\"250\" height=\"141\" src=\"https:\/\/campus.hesge.ch\/head-animation\/wp-content\/uploads\/2019\/05\/12animatou.jpg\" alt=\"\" class=\"wp-image-326\"\/><\/a><figcaption class=\"wp-element-caption\">2012<br>Invit\u00e9 : Dustin Rees<br><br><br><\/figcaption><\/figure>\n<\/div>\n\n<div class=\"wp-block-image\">\n<figure class=\"alignleft size-large\"><a href=\"https:\/\/campus.hesge.ch\/head-animation\/baa11\/\"><img loading=\"lazy\" decoding=\"async\" width=\"250\" height=\"141\" src=\"https:\/\/campus.hesge.ch\/head-animation\/wp-content\/uploads\/2019\/05\/11animatou.jpg\" alt=\"\" class=\"wp-image-325\"\/><\/a><figcaption class=\"wp-element-caption\">2011<br>Invit\u00e9 : Elie Chapuis<br><br><br><\/figcaption><\/figure>\n<\/div>\n\n<div class=\"wp-block-image\">\n<figure class=\"alignleft size-large\"><a href=\"https:\/\/campus.hesge.ch\/head-animation\/baa10\/\"><img loading=\"lazy\" decoding=\"async\" width=\"250\" height=\"141\" src=\"https:\/\/campus.hesge.ch\/head-animation\/wp-content\/uploads\/2019\/05\/10cinematou.jpg\" alt=\"\" class=\"wp-image-324\"\/><\/a><figcaption class=\"wp-element-caption\">2010<br>Invit\u00e9e : Anna Sommer<br><br><br><\/figcaption><\/figure>\n<\/div>\n\n<div class=\"wp-block-image\">\n<figure class=\"alignleft size-large\"><a href=\"https:\/\/campus.hesge.ch\/head-animation\/baa09\/\"><img loading=\"lazy\" decoding=\"async\" width=\"250\" height=\"141\" src=\"https:\/\/campus.hesge.ch\/head-animation\/wp-content\/uploads\/2019\/05\/09cinematou.jpg\" alt=\"\" class=\"wp-image-323\"\/><\/a><figcaption class=\"wp-element-caption\">2009<br>Invit\u00e9-e-s : Anne-Laure Daffi et<br>L\u00e9o Marchand<br><\/figcaption><\/figure>\n<\/div>","protected":false},"excerpt":{"rendered":"<p>&lt; Retour Bandes-annonces du festival international du film d\u2019animation ANIMATOU de Gen\u00e8ve. Elles sont r\u00e9alis\u00e9es par des \u00e9tudiant\u00b7e\u00b7x\u00b7s de la formation Bachelor du d\u00e9partement Communication visuelle lors d&rsquo;un workshop conduit par un\u00b7e invit\u00e9\u00b7e du festival.<\/p>\n","protected":false},"author":1,"featured_media":0,"parent":0,"menu_order":0,"comment_status":"closed","ping_status":"closed","template":"fullwidth-page.php","meta":{"footnotes":""},"class_list":["post-224","page","type-page","status-publish","hentry"],"_links":{"self":[{"href":"https:\/\/campus.hesge.ch\/head-animation\/wp-json\/wp\/v2\/pages\/224","targetHints":{"allow":["GET"]}}],"collection":[{"href":"https:\/\/campus.hesge.ch\/head-animation\/wp-json\/wp\/v2\/pages"}],"about":[{"href":"https:\/\/campus.hesge.ch\/head-animation\/wp-json\/wp\/v2\/types\/page"}],"author":[{"embeddable":true,"href":"https:\/\/campus.hesge.ch\/head-animation\/wp-json\/wp\/v2\/users\/1"}],"replies":[{"embeddable":true,"href":"https:\/\/campus.hesge.ch\/head-animation\/wp-json\/wp\/v2\/comments?post=224"}],"version-history":[{"count":72,"href":"https:\/\/campus.hesge.ch\/head-animation\/wp-json\/wp\/v2\/pages\/224\/revisions"}],"predecessor-version":[{"id":8328,"href":"https:\/\/campus.hesge.ch\/head-animation\/wp-json\/wp\/v2\/pages\/224\/revisions\/8328"}],"wp:attachment":[{"href":"https:\/\/campus.hesge.ch\/head-animation\/wp-json\/wp\/v2\/media?parent=224"}],"curies":[{"name":"wp","href":"https:\/\/api.w.org\/{rel}","templated":true}]}}