{"id":4265,"date":"2021-03-08T14:56:10","date_gmt":"2021-03-08T14:56:10","guid":{"rendered":"https:\/\/campus.hesge.ch\/head-animation\/?page_id=4265"},"modified":"2026-02-18T17:25:52","modified_gmt":"2026-02-18T17:25:52","slug":"wme20-law","status":"publish","type":"page","link":"https:\/\/campus.hesge.ch\/head-animation\/wme20-law\/","title":{"rendered":"Law Clinic"},"content":{"rendered":"\n<p><a href=\"https:\/\/campus.hesge.ch\/head-animation\/wme\/\">&lt; Retour<\/a><\/p>\n\n\n\n<p>Au semestre de printemps 2020, en collaboration avec la Law Clinic du d\u00e9partement de droit de l&rsquo;Universit\u00e9 de Gen\u00e8ve, des \u00e9tudiant.e.s du d\u00e9partement Communication Visuelle de la HEAD, ont r\u00e9alis\u00e9 7 petits films d&rsquo;animations sur la th\u00e9matique des violences polici\u00e8res. Leur but est de proc\u00e9der \u00e0 la vulgarisation d\u2019informations juridiques concernant les droits face \u00e0 la police.<\/p>\n\n\n\n<p><a rel=\"noreferrer noopener\" href=\"https:\/\/www.unige.ch\/droit\/lawclinic\/fr\/\" target=\"_blank\">Law Clinic<\/a> : Vista Vida Eskandari et Nesa Zimmermann<br>R\u00e9alis\u00e9 sur la base des recherches de Clara Buchs, Fanny Toutou-Mpondo et Martot Voisin, avec l&rsquo;assistance de Sofia Vegas.<br>Encadrement et support : Olivier Riechsteiner<\/p>\n\n\n\n<h2 class=\"wp-block-heading\"><br>Filmer et diffuser<\/h2>\n\n\n\n<p>Animation : Annie a Marca et Quentin Coet<br>Illustration sonore : Olivier Riechsteiner<\/p>\n\n\n\n<figure class=\"wp-block-embed aligncenter is-type-video is-provider-vimeo wp-block-embed-vimeo wp-embed-aspect-16-9 wp-has-aspect-ratio\"><div class=\"wp-block-embed__wrapper\">\n<iframe loading=\"lazy\" title=\"FILMER ET DIFFUSER.mp4\" src=\"https:\/\/player.vimeo.com\/video\/520876266?dnt=1&amp;app_id=122963\" width=\"739\" height=\"416\" frameborder=\"0\" allow=\"autoplay; fullscreen; picture-in-picture; clipboard-write; encrypted-media; web-share\" referrerpolicy=\"strict-origin-when-cross-origin\"><\/iframe>\n<\/div><\/figure>\n\n\n\n<h2 class=\"wp-block-heading\"><br>Interposer<\/h2>\n\n\n\n<p>Animation : Rafael Haro Gonzalez<br>Illustration sonore : Olivier Riechsteiner<\/p>\n\n\n\n<figure class=\"wp-block-embed aligncenter is-type-video is-provider-vimeo wp-block-embed-vimeo wp-embed-aspect-16-9 wp-has-aspect-ratio\"><div class=\"wp-block-embed__wrapper\">\n<iframe loading=\"lazy\" title=\"INTERPOSER.mp4\" src=\"https:\/\/player.vimeo.com\/video\/520876292?dnt=1&amp;app_id=122963\" width=\"739\" height=\"416\" frameborder=\"0\" allow=\"autoplay; fullscreen; picture-in-picture; clipboard-write; encrypted-media; web-share\" referrerpolicy=\"strict-origin-when-cross-origin\"><\/iframe>\n<\/div><\/figure>\n\n\n\n<h2 class=\"wp-block-heading\"><br>Profilage racial<\/h2>\n\n\n\n<p>Animation : Dorodea Leone<br>Illustration sonore : Olivier Riechsteiner<\/p>\n\n\n\n<figure class=\"wp-block-embed aligncenter is-type-video is-provider-vimeo wp-block-embed-vimeo wp-embed-aspect-16-9 wp-has-aspect-ratio\"><div class=\"wp-block-embed__wrapper\">\n<iframe loading=\"lazy\" title=\"PROFILAGE RACIAL.mp4\" src=\"https:\/\/player.vimeo.com\/video\/520876317?dnt=1&amp;app_id=122963\" width=\"739\" height=\"416\" frameborder=\"0\" allow=\"autoplay; fullscreen; picture-in-picture; clipboard-write; encrypted-media; web-share\" referrerpolicy=\"strict-origin-when-cross-origin\"><\/iframe>\n<\/div><\/figure>\n\n\n\n<h2 class=\"wp-block-heading\"><br>Violences polici\u00e8res 1<\/h2>\n\n\n\n<p>Animation : Nina Megroz et Loris Sch\u00e4ren<br>Illustration sonore : Olivier Riechsteiner<\/p>\n\n\n\n<figure class=\"wp-block-embed aligncenter is-type-video is-provider-vimeo wp-block-embed-vimeo wp-embed-aspect-16-9 wp-has-aspect-ratio\"><div class=\"wp-block-embed__wrapper\">\n<iframe loading=\"lazy\" title=\"VIOLENCES POLICIERES 1.mp4\" src=\"https:\/\/player.vimeo.com\/video\/520876335?dnt=1&amp;app_id=122963\" width=\"739\" height=\"416\" frameborder=\"0\" allow=\"autoplay; fullscreen; picture-in-picture; clipboard-write; encrypted-media; web-share\" referrerpolicy=\"strict-origin-when-cross-origin\"><\/iframe>\n<\/div><\/figure>\n\n\n\n<h2 class=\"wp-block-heading\"><br>Violences polici\u00e8res 2<\/h2>\n\n\n\n<p>Animation : Flore Dely<br>Voix : Flore Dely et J\u00e9r\u00e9mie Monnet<br>Musique : Sappheiros &#8211; Passion<\/p>\n\n\n\n<figure class=\"wp-block-embed aligncenter is-type-video is-provider-vimeo wp-block-embed-vimeo wp-embed-aspect-16-9 wp-has-aspect-ratio\"><div class=\"wp-block-embed__wrapper\">\n<iframe loading=\"lazy\" title=\"VIOLENCES POLICIERES 2.mp4\" src=\"https:\/\/player.vimeo.com\/video\/520876353?dnt=1&amp;app_id=122963\" width=\"739\" height=\"416\" frameborder=\"0\" allow=\"autoplay; fullscreen; picture-in-picture; clipboard-write; encrypted-media; web-share\" referrerpolicy=\"strict-origin-when-cross-origin\"><\/iframe>\n<\/div><\/figure>\n\n\n\n<h2 class=\"wp-block-heading\"><br>Violences polici\u00e8res 3<\/h2>\n\n\n\n<p>Animation : Yoon Jin Kim<br>Illustration sonore : Olivier Riechsteiner<\/p>\n\n\n\n<figure class=\"wp-block-embed aligncenter is-type-video is-provider-vimeo wp-block-embed-vimeo wp-embed-aspect-16-9 wp-has-aspect-ratio\"><div class=\"wp-block-embed__wrapper\">\n<iframe loading=\"lazy\" title=\"VIOLENCES POLICIERES 3.mp4\" src=\"https:\/\/player.vimeo.com\/video\/520876413?dnt=1&amp;app_id=122963\" width=\"739\" height=\"416\" frameborder=\"0\" allow=\"autoplay; fullscreen; picture-in-picture; clipboard-write; encrypted-media; web-share\" referrerpolicy=\"strict-origin-when-cross-origin\"><\/iframe>\n<\/div><\/figure>\n","protected":false},"excerpt":{"rendered":"<p>&lt; Retour Au semestre de printemps 2020, en collaboration avec la Law Clinic du d\u00e9partement de droit de l&rsquo;Universit\u00e9 de Gen\u00e8ve, des \u00e9tudiant.e.s du d\u00e9partement Communication Visuelle de la HEAD, ont r\u00e9alis\u00e9 7 petits films d&rsquo;animations sur la th\u00e9matique des violences polici\u00e8res. Leur but est de proc\u00e9der \u00e0 la vulgarisation d\u2019informations juridiques concernant les droits&hellip; <a class=\"more-link\" href=\"https:\/\/campus.hesge.ch\/head-animation\/wme20-law\/\">Continue reading <span class=\"screen-reader-text\">Law Clinic<\/span> <span class=\"meta-nav\" aria-hidden=\"true\">&rarr;<\/span><\/a><\/p>\n","protected":false},"author":1,"featured_media":0,"parent":0,"menu_order":0,"comment_status":"closed","ping_status":"closed","template":"fullwidth-page.php","meta":{"footnotes":""},"class_list":["post-4265","page","type-page","status-publish","hentry"],"_links":{"self":[{"href":"https:\/\/campus.hesge.ch\/head-animation\/wp-json\/wp\/v2\/pages\/4265","targetHints":{"allow":["GET"]}}],"collection":[{"href":"https:\/\/campus.hesge.ch\/head-animation\/wp-json\/wp\/v2\/pages"}],"about":[{"href":"https:\/\/campus.hesge.ch\/head-animation\/wp-json\/wp\/v2\/types\/page"}],"author":[{"embeddable":true,"href":"https:\/\/campus.hesge.ch\/head-animation\/wp-json\/wp\/v2\/users\/1"}],"replies":[{"embeddable":true,"href":"https:\/\/campus.hesge.ch\/head-animation\/wp-json\/wp\/v2\/comments?post=4265"}],"version-history":[{"count":25,"href":"https:\/\/campus.hesge.ch\/head-animation\/wp-json\/wp\/v2\/pages\/4265\/revisions"}],"predecessor-version":[{"id":8380,"href":"https:\/\/campus.hesge.ch\/head-animation\/wp-json\/wp\/v2\/pages\/4265\/revisions\/8380"}],"wp:attachment":[{"href":"https:\/\/campus.hesge.ch\/head-animation\/wp-json\/wp\/v2\/media?parent=4265"}],"curies":[{"name":"wp","href":"https:\/\/api.w.org\/{rel}","templated":true}]}}