{"id":7627,"date":"2024-06-21T15:01:44","date_gmt":"2024-06-21T15:01:44","guid":{"rendered":"https:\/\/campus.hesge.ch\/head-animation\/?page_id=7627"},"modified":"2026-02-18T14:48:08","modified_gmt":"2026-02-18T14:48:08","slug":"baa24","status":"publish","type":"page","link":"https:\/\/campus.hesge.ch\/head-animation\/baa24\/","title":{"rendered":"Bandes-annonces 2024"},"content":{"rendered":"\n<p><a href=\"https:\/\/campus.hesge.ch\/head-animation\/baa\/\">&lt; Retour<\/a><\/p>\n\n\n\n<p>L&rsquo;invit\u00e9 du workshop des bandes-annonces du festival international d&rsquo;animation ANIMATOU de cette ann\u00e9e \u00e9tait Marcel Barelli, r\u00e9alisateur de films d&rsquo;animation et alumni de la HEAD \u2013 Gen\u00e8ve. Il a r\u00e9alis\u00e9 plusieurs documentaires d&rsquo;animation, dont <a href=\"https:\/\/vimeo.com\/527317037\" target=\"_blank\" rel=\"noreferrer noopener\">Dans la nature<\/a>, qui a remport\u00e9 de nombreuses distinctions internationales et une s\u00e9rie pour la t\u00e9l\u00e9vision. Il publie \u00e9galement des livres d&rsquo;illustration sur des animaux et r\u00e9alise actuellement son premier long m\u00e9trage d&rsquo;animation.<\/p>\n\n\n\n<p>Nouveaut\u00e9 dans la r\u00e9alisation des bandes-annonces : Marcel Barelli \u00e0 propos\u00e9 des interviews de r\u00e9alisateurs-trices de films d&rsquo;animation et une r\u00e9alisatrice de film, comme base de cr\u00e9ation pour les animations. Parmi les enregistrements propos\u00e9s, cinq ont ont \u00e9t\u00e9 choisis par les participant-e-x-s du workshop. Ainsi, les voix d&rsquo;Agn\u00e8s Varda, Guillermo del Toro, Michele Cournoyer, Phil Mulloy et Signe Baumanne ont \u00e9t\u00e9 utilis\u00e9es. Les \u00e9tudiant-e-x-s ont librement interpr\u00e9t\u00e9 ces discours dans leur animation. Il en r\u00e9sulte cinq bandes-annonces originales donnant chacune un point de vue singulier sur l&rsquo;animation et le cin\u00e9ma.<\/p>\n\n\n\n<p>Festival Animatou :&nbsp;<a href=\"https:\/\/animatou.com\/\" target=\"_blank\" rel=\"noreferrer noopener\">Animatou.com<\/a><br>Invit\u00e9 :&nbsp;<a href=\"https:\/\/marcelbarelli.com\/\" target=\"_blank\" rel=\"noreferrer noopener\">Marcel Barelli<\/a><br>Son : interviews de r\u00e9alisateurs-trices de film d&rsquo;animation et de cin\u00e9ma<br>Mastering : Lorin W\u00fcscher<br>Encadrement et support : Olivier Riechsteiner<\/p>\n\n\n\n<div style=\"height:50px\" aria-hidden=\"true\" class=\"wp-block-spacer\"><\/div>\n\n\n\n<h2 class=\"wp-block-heading\">ANGRY FLOWERS<\/h2>\n\n\n\n<p>D&rsquo;Emma Minicelli<\/p>\n\n\n\n<div style=\"padding:56.25% 0 0 0;position:relative;\"><iframe src=\"https:\/\/player.vimeo.com\/video\/964308206?badge=0&amp;autopause=0&amp;player_id=0&amp;app_id=58479\" frameborder=\"0\" allow=\"autoplay; fullscreen; picture-in-picture; clipboard-write\" style=\"position:absolute;top:0;left:0;width:100%;height:100%;\" title=\"ANIMATOU 2024 - ANGRY FLOWERS\"><\/iframe><\/div><script src=\"https:\/\/player.vimeo.com\/api\/player.js\"><\/script>\n\n\n\n<div style=\"height:100px\" aria-hidden=\"true\" class=\"wp-block-spacer\"><\/div>\n\n\n\n<h2 class=\"wp-block-heading\">DEFINITION<\/h2>\n\n\n\n<p>De Cristhal Fagundes<\/p>\n\n\n\n<div style=\"padding:56.25% 0 0 0;position:relative;\"><iframe src=\"https:\/\/player.vimeo.com\/video\/964308658?badge=0&amp;autopause=0&amp;player_id=0&amp;app_id=58479\" frameborder=\"0\" allow=\"autoplay; fullscreen; picture-in-picture; clipboard-write\" style=\"position:absolute;top:0;left:0;width:100%;height:100%;\" title=\"ANIMATOU 2024 - DEFINITION\"><\/iframe><\/div><script src=\"https:\/\/player.vimeo.com\/api\/player.js\"><\/script>\n\n\n\n<div style=\"height:100px\" aria-hidden=\"true\" class=\"wp-block-spacer\"><\/div>\n\n\n\n<h2 class=\"wp-block-heading\">JE PARLE \u2026<\/h2>\n\n\n\n<p>De Melchior Best et Sarah Courtade<\/p>\n\n\n\n<div style=\"padding:56.25% 0 0 0;position:relative;\"><iframe src=\"https:\/\/player.vimeo.com\/video\/964308805?badge=0&amp;autopause=0&amp;player_id=0&amp;app_id=58479\" frameborder=\"0\" allow=\"autoplay; fullscreen; picture-in-picture; clipboard-write\" style=\"position:absolute;top:0;left:0;width:100%;height:100%;\" title=\"ANIMATOU 2024 - JE PARLE ...\"><\/iframe><\/div><script src=\"https:\/\/player.vimeo.com\/api\/player.js\"><\/script>\n\n\n\n<div style=\"height:100px\" aria-hidden=\"true\" class=\"wp-block-spacer\"><\/div>\n\n\n\n<h2 class=\"wp-block-heading\">LIGHTNESS AND WEIGHT<\/h2>\n\n\n\n<p>De Justine Margueron<\/p>\n\n\n\n<div style=\"padding:56.25% 0 0 0;position:relative;\"><iframe src=\"https:\/\/player.vimeo.com\/video\/964308960?badge=0&amp;autopause=0&amp;player_id=0&amp;app_id=58479\" frameborder=\"0\" allow=\"autoplay; fullscreen; picture-in-picture; clipboard-write\" style=\"position:absolute;top:0;left:0;width:100%;height:100%;\" title=\"ANIMATOU 2024 - LIGHTNESS AND WEIGHT\"><\/iframe><\/div><script src=\"https:\/\/player.vimeo.com\/api\/player.js\"><\/script>\n\n\n\n<div style=\"height:100px\" aria-hidden=\"true\" class=\"wp-block-spacer\"><\/div>\n\n\n\n<h2 class=\"wp-block-heading\">WAKE THEM UP<\/h2>\n\n\n\n<p>De Yannick Twizerimana<\/p>\n\n\n\n<div style=\"padding:56.25% 0 0 0;position:relative;\"><iframe src=\"https:\/\/player.vimeo.com\/video\/964309002?badge=0&amp;autopause=0&amp;player_id=0&amp;app_id=58479\" frameborder=\"0\" allow=\"autoplay; fullscreen; picture-in-picture; clipboard-write\" style=\"position:absolute;top:0;left:0;width:100%;height:100%;\" title=\"ANIMATOU 2024 - WAKE THEM UP\"><\/iframe><\/div><script src=\"https:\/\/player.vimeo.com\/api\/player.js\"><\/script>\n\n\n\n<div style=\"height:100px\" aria-hidden=\"true\" class=\"wp-block-spacer\"><\/div>\n","protected":false},"excerpt":{"rendered":"<p>&lt; Retour L&rsquo;invit\u00e9 du workshop des bandes-annonces du festival international d&rsquo;animation ANIMATOU de cette ann\u00e9e \u00e9tait Marcel Barelli, r\u00e9alisateur de films d&rsquo;animation et alumni de la HEAD \u2013 Gen\u00e8ve. Il a r\u00e9alis\u00e9 plusieurs documentaires d&rsquo;animation, dont Dans la nature, qui a remport\u00e9 de nombreuses distinctions internationales et une s\u00e9rie pour la t\u00e9l\u00e9vision. Il publie \u00e9galement&hellip; <a class=\"more-link\" href=\"https:\/\/campus.hesge.ch\/head-animation\/baa24\/\">Continue reading <span class=\"screen-reader-text\">Bandes-annonces 2024<\/span> <span class=\"meta-nav\" aria-hidden=\"true\">&rarr;<\/span><\/a><\/p>\n","protected":false},"author":1,"featured_media":0,"parent":0,"menu_order":0,"comment_status":"closed","ping_status":"closed","template":"fullwidth-page.php","meta":{"footnotes":""},"class_list":["post-7627","page","type-page","status-publish","hentry"],"_links":{"self":[{"href":"https:\/\/campus.hesge.ch\/head-animation\/wp-json\/wp\/v2\/pages\/7627","targetHints":{"allow":["GET"]}}],"collection":[{"href":"https:\/\/campus.hesge.ch\/head-animation\/wp-json\/wp\/v2\/pages"}],"about":[{"href":"https:\/\/campus.hesge.ch\/head-animation\/wp-json\/wp\/v2\/types\/page"}],"author":[{"embeddable":true,"href":"https:\/\/campus.hesge.ch\/head-animation\/wp-json\/wp\/v2\/users\/1"}],"replies":[{"embeddable":true,"href":"https:\/\/campus.hesge.ch\/head-animation\/wp-json\/wp\/v2\/comments?post=7627"}],"version-history":[{"count":20,"href":"https:\/\/campus.hesge.ch\/head-animation\/wp-json\/wp\/v2\/pages\/7627\/revisions"}],"predecessor-version":[{"id":8308,"href":"https:\/\/campus.hesge.ch\/head-animation\/wp-json\/wp\/v2\/pages\/7627\/revisions\/8308"}],"wp:attachment":[{"href":"https:\/\/campus.hesge.ch\/head-animation\/wp-json\/wp\/v2\/media?parent=7627"}],"curies":[{"name":"wp","href":"https:\/\/api.w.org\/{rel}","templated":true}]}}