{"id":990,"date":"2019-07-03T16:00:14","date_gmt":"2019-07-03T16:00:14","guid":{"rendered":"https:\/\/head.hesge.ch\/atelier-animation\/?page_id=990"},"modified":"2026-02-18T17:57:56","modified_gmt":"2026-02-18T17:57:56","slug":"wme15-hem","status":"publish","type":"page","link":"https:\/\/campus.hesge.ch\/head-animation\/wme15-hem\/","title":{"rendered":"Haute \u00e9cole de musique de Gen\u00e8ve &#8211; Film de la recherche"},"content":{"rendered":"\n<p class=\"has-normal-font-size\"><a href=\"https:\/\/campus.hesge.ch\/head-animation\/wme\/\">&lt; Retour<\/a><\/p>\n\n\n\n<p>En collaboration avec le d\u00e9partement Recherche &amp; D\u00e9veloppement de la Haute \u00e9cole de musique de Gen\u00e8ve, des \u00e9tudiant-e-s du d\u00e9partement Communication visuelle ont r\u00e9alis\u00e9s des interventions graphiques dans un film d\u00e9di\u00e9 la recherche appliqu\u00e9e. L\u2019objectif \u00e9tait d&rsquo;ajouter une touche de cr\u00e9ativit\u00e9 \u00e0 la forme classique de l&rsquo;interview et de donner un point de vue comp\u00e9lemntaire au sens.<\/p>\n\n\n\n<p>Haute \u00e9cole de musique de Gen\u00e8ve :<br>Recherche &amp; D\u00e9veloppement : Aur\u00e9lien Poidevin et R\u00e9my Campos<br><a href=\"http:\/\/www.hesge.ch\/hem\/recherche-developpement\" target=\"_blank\" rel=\"noreferrer noopener\" aria-label=\"www.hesge.ch\/hem\/recherche-developpement (s\u2019ouvre dans un nouvel onglet)\">www.hesge.ch\/hem\/recherche-developpement<\/a><\/p>\n\n\n\n<p>HEAD-Gen\u00e8ve &#8211; d\u00e9partement Communication visuelle :<br> Responsable : J\u00e9r\u00f4me Baratelli<br> Enseignant : Olivier Riechsteiner<\/p>\n\n\n\n<h2 class=\"wp-block-heading\"><br>La recherche appliqu\u00e9e \u00e0 la Hem &#8211; Gen\u00e8ve<\/h2>\n\n\n\n<p>Un film d&rsquo;Aur\u00e9lien Poidevin.<br>Interventions graphiques : Ana\u00eblle Jud, Damien Buchat, Roman Mollard et Thierry Pachoud<\/p>\n\n\n\n<figure class=\"wp-block-embed aligncenter is-type-video is-provider-vimeo wp-block-embed-vimeo wp-embed-aspect-16-9 wp-has-aspect-ratio\"><div class=\"wp-block-embed__wrapper\">\nhttps:\/\/vimeo.com\/video\/141645180\n<\/div><\/figure>\n","protected":false},"excerpt":{"rendered":"<p>&lt; Retour En collaboration avec le d\u00e9partement Recherche &amp; D\u00e9veloppement de la Haute \u00e9cole de musique de Gen\u00e8ve, des \u00e9tudiant-e-s du d\u00e9partement Communication visuelle ont r\u00e9alis\u00e9s des interventions graphiques dans un film d\u00e9di\u00e9 la recherche appliqu\u00e9e. L\u2019objectif \u00e9tait d&rsquo;ajouter une touche de cr\u00e9ativit\u00e9 \u00e0 la forme classique de l&rsquo;interview et de donner un point de&hellip; <a class=\"more-link\" href=\"https:\/\/campus.hesge.ch\/head-animation\/wme15-hem\/\">Continue reading <span class=\"screen-reader-text\">Haute \u00e9cole de musique de Gen\u00e8ve &#8211; Film de la recherche<\/span> <span class=\"meta-nav\" aria-hidden=\"true\">&rarr;<\/span><\/a><\/p>\n","protected":false},"author":1,"featured_media":0,"parent":0,"menu_order":0,"comment_status":"closed","ping_status":"closed","template":"fullwidth-page.php","meta":{"footnotes":""},"class_list":["post-990","page","type-page","status-publish","hentry"],"_links":{"self":[{"href":"https:\/\/campus.hesge.ch\/head-animation\/wp-json\/wp\/v2\/pages\/990","targetHints":{"allow":["GET"]}}],"collection":[{"href":"https:\/\/campus.hesge.ch\/head-animation\/wp-json\/wp\/v2\/pages"}],"about":[{"href":"https:\/\/campus.hesge.ch\/head-animation\/wp-json\/wp\/v2\/types\/page"}],"author":[{"embeddable":true,"href":"https:\/\/campus.hesge.ch\/head-animation\/wp-json\/wp\/v2\/users\/1"}],"replies":[{"embeddable":true,"href":"https:\/\/campus.hesge.ch\/head-animation\/wp-json\/wp\/v2\/comments?post=990"}],"version-history":[{"count":4,"href":"https:\/\/campus.hesge.ch\/head-animation\/wp-json\/wp\/v2\/pages\/990\/revisions"}],"predecessor-version":[{"id":8388,"href":"https:\/\/campus.hesge.ch\/head-animation\/wp-json\/wp\/v2\/pages\/990\/revisions\/8388"}],"wp:attachment":[{"href":"https:\/\/campus.hesge.ch\/head-animation\/wp-json\/wp\/v2\/media?parent=990"}],"curies":[{"name":"wp","href":"https:\/\/api.w.org\/{rel}","templated":true}]}}