{"id":998,"date":"2019-07-03T16:13:27","date_gmt":"2019-07-03T16:13:27","guid":{"rendered":"https:\/\/head.hesge.ch\/atelier-animation\/?page_id=998"},"modified":"2026-08-08T21:00:39","modified_gmt":"2026-08-08T21:00:39","slug":"wme18","status":"publish","type":"page","link":"https:\/\/campus.hesge.ch\/head-animation\/wme18\/","title":{"rendered":"Changer le monde ?"},"content":{"rendered":"\n<p class=\"has-normal-font-size wp-block-paragraph\"><a href=\"https:\/\/campus.hesge.ch\/head-animation\/wme\/\">&lt; Retour<\/a><\/p>\n\n\n\n<p class=\"wp-block-paragraph\">Exposition propos\u00e9e par l&rsquo;Option Image-R\u00e9cit de la fili\u00e8re Communication visuelle de la HEAD \u2013 Gen\u00e8ve. Les travaux d&rsquo;animation ont \u00e9t\u00e9 r\u00e9alis\u00e9s dans le cadre du cours d\u2019animation CV 3\u00e8me ann\u00e9e du semestre d\u2019automne 2017 \u2013 2018. L&rsquo;exposition a eu lieu en janvier 2018 \u00e0 la Villa Dutoit \u00e0 Gen\u00e8ve.<br><br>Cette exposition souhaitait mettre en valeur les travaux des \u00e9tudiant-e-x-s de l&rsquo;Option Image-R\u00e9cit. Le sujet g\u00e9n\u00e9ral, librement interpr\u00e9table, \u00e9tait \u00ab\u00a0Changer le monde\u00a0\u00bb.<\/p>\n\n\n\n<p class=\"wp-block-paragraph\">Les \u00e9tudiant-e-x-s du cours d&rsquo;animation ont r\u00e9alis\u00e9 de courtes animations en boucle, au format GIF, avec le titre \u00ab\u00a0Quelques secondes pour changer le monde\u00a0\u00bb. Elles ont \u00e9t\u00e9 pr\u00e9sent\u00e9es sous forme d&rsquo;installation dans d&rsquo;anciens moniteurs vid\u00e9o.<\/p>\n\n\n\n<p class=\"wp-block-paragraph\">Enseignant de cin\u00e9ma d&rsquo;animation : Olivier Riechsteiner<\/p>\n\n\n<div class=\"wp-block-image\">\n<figure class=\"alignleft size-large\"><img loading=\"lazy\" decoding=\"async\" width=\"950\" height=\"713\" src=\"https:\/\/campus.hesge.ch\/head-animation\/wp-content\/uploads\/2019\/07\/18dutoit.jpg\" alt=\"\" class=\"wp-image-1268\" srcset=\"https:\/\/campus.hesge.ch\/head-animation\/wp-content\/uploads\/2019\/07\/18dutoit.jpg 950w, https:\/\/campus.hesge.ch\/head-animation\/wp-content\/uploads\/2019\/07\/18dutoit-300x225.jpg 300w, https:\/\/campus.hesge.ch\/head-animation\/wp-content\/uploads\/2019\/07\/18dutoit-768x576.jpg 768w\" sizes=\"auto, (max-width: 950px) 100vw, 950px\" \/><figcaption class=\"wp-element-caption\">Photo \u00a9 Olivier Riechsteiner 2018<\/figcaption><\/figure>\n<\/div>\n\n\n<div style=\"height:1px\" aria-hidden=\"true\" class=\"wp-block-spacer\"><\/div>\n\n\n\n<h2 class=\"wp-block-heading\"><br>Quelques secondes pour changer le monde<\/h2>\n\n\n\n<p class=\"wp-block-paragraph\">D&rsquo;Ambre Verschave, Aylin Ozcaki, Emilie Excoffier, Marie Lavis, Nicolas Clemente, P\u00e9n\u00e9lope Schachner, Th\u00e9o Remlinger et Tim Trautmann<br>Muet<\/p>\n\n\n\n<div style=\"padding:56.25% 0 0 0;position:relative;\"><iframe src=\"https:\/\/player.vimeo.com\/video\/252906199?h=473ef33a0a&amp;badge=0&amp;autopause=0&amp;player_id=0&amp;app_id=58479\" frameborder=\"0\" allow=\"autoplay; fullscreen; picture-in-picture; clipboard-write\" style=\"position:absolute;top:0;left:0;width:100%;height:100%;\" title=\"22-23 SA SEM HC GIF1\"><\/iframe><\/div><script src=\"https:\/\/player.vimeo.com\/api\/player.js\"><\/script>\n","protected":false},"excerpt":{"rendered":"<p>&lt; Retour Exposition propos\u00e9e par l&rsquo;Option Image-R\u00e9cit de la fili\u00e8re Communication visuelle de la HEAD \u2013 Gen\u00e8ve. Les travaux d&rsquo;animation ont \u00e9t\u00e9 r\u00e9alis\u00e9s dans le cadre du cours d\u2019animation CV 3\u00e8me ann\u00e9e du semestre d\u2019automne 2017 \u2013 2018. L&rsquo;exposition a eu lieu en janvier 2018 \u00e0 la Villa Dutoit \u00e0 Gen\u00e8ve. Cette exposition souhaitait mettre&hellip; <a class=\"more-link\" href=\"https:\/\/campus.hesge.ch\/head-animation\/wme18\/\">Continue reading <span class=\"screen-reader-text\">Changer le monde ?<\/span> <span class=\"meta-nav\" aria-hidden=\"true\">&rarr;<\/span><\/a><\/p>\n","protected":false},"author":1,"featured_media":0,"parent":0,"menu_order":0,"comment_status":"closed","ping_status":"closed","template":"","meta":{"footnotes":""},"class_list":["post-998","page","type-page","status-publish","hentry"],"_links":{"self":[{"href":"https:\/\/campus.hesge.ch\/head-animation\/wp-json\/wp\/v2\/pages\/998","targetHints":{"allow":["GET"]}}],"collection":[{"href":"https:\/\/campus.hesge.ch\/head-animation\/wp-json\/wp\/v2\/pages"}],"about":[{"href":"https:\/\/campus.hesge.ch\/head-animation\/wp-json\/wp\/v2\/types\/page"}],"author":[{"embeddable":true,"href":"https:\/\/campus.hesge.ch\/head-animation\/wp-json\/wp\/v2\/users\/1"}],"replies":[{"embeddable":true,"href":"https:\/\/campus.hesge.ch\/head-animation\/wp-json\/wp\/v2\/comments?post=998"}],"version-history":[{"count":17,"href":"https:\/\/campus.hesge.ch\/head-animation\/wp-json\/wp\/v2\/pages\/998\/revisions"}],"predecessor-version":[{"id":9064,"href":"https:\/\/campus.hesge.ch\/head-animation\/wp-json\/wp\/v2\/pages\/998\/revisions\/9064"}],"wp:attachment":[{"href":"https:\/\/campus.hesge.ch\/head-animation\/wp-json\/wp\/v2\/media?parent=998"}],"curies":[{"name":"wp","href":"https:\/\/api.w.org\/{rel}","templated":true}]}}